{"id":114032,"date":"2023-07-13T18:04:53","date_gmt":"2023-07-13T21:04:53","guid":{"rendered":"https:\/\/memoria.museunacionalvive.org.brconstructing-the-tomorrow-1\/"},"modified":"2023-11-14T09:30:06","modified_gmt":"2023-11-14T12:30:06","slug":"constructing-the-tomorrow-1","status":"publish","type":"page","link":"https:\/\/memoria.museunacionalvive.org.br\/en\/constructing-the-tomorrow-1\/","title":{"rendered":"Constructing the tomorrow &#8211; 1"},"content":{"rendered":"<div class=\"wpb-content-wrapper\"><p>[vc_row unlock_row_content=&#8221;yes&#8221; row_height_percent=&#8221;100&#8243; back_color=&#8221;color-111399&#8243; back_image=&#8221;113695&#8243; overlay_alpha=&#8221;50&#8243; gutter_size=&#8221;3&#8243; column_width_percent=&#8221;100&#8243; shift_y=&#8221;0&#8243; z_index=&#8221;0&#8243; row_custom_slug_check=&#8221;yes&#8221; uncode_shortcode_id=&#8221;617213&#8243; row_name=&#8221;CONSTRUINDO O AMANH\u00c3&#8221; back_color_type=&#8221;uncode-palette&#8221;][vc_column column_width_percent=&#8221;100&#8243; position_vertical=&#8221;middle&#8221; align_horizontal=&#8221;align_center&#8221; gutter_size=&#8221;3&#8243; style=&#8221;dark&#8221; overlay_alpha=&#8221;50&#8243; shift_x=&#8221;0&#8243; shift_y=&#8221;0&#8243; shift_y_down=&#8221;0&#8243; z_index=&#8221;0&#8243; medium_visibility=&#8221;yes&#8221; medium_width=&#8221;0&#8243; mobile_visibility=&#8221;yes&#8221; mobile_width=&#8221;0&#8243; width=&#8221;3\/12&#8243; uncode_shortcode_id=&#8221;133215&#8243;][\/vc_column][vc_column column_width_percent=&#8221;100&#8243; position_vertical=&#8221;middle&#8221; align_horizontal=&#8221;align_center&#8221; gutter_size=&#8221;3&#8243; overlay_alpha=&#8221;50&#8243; shift_x=&#8221;0&#8243; shift_y=&#8221;0&#8243; shift_y_down=&#8221;0&#8243; z_index=&#8221;0&#8243; medium_width=&#8221;0&#8243; mobile_width=&#8221;0&#8243; width=&#8221;6\/12&#8243; uncode_shortcode_id=&#8221;171848&#8243;][vc_custom_heading text_color=&#8221;color-xsdn&#8221; heading_semantic=&#8221;h1&#8243; text_size=&#8221;fontsize-338686&#8243; css_animation=&#8221;bottom-t-top&#8221; animation_delay=&#8221;200&#8243; uncode_shortcode_id=&#8221;203551&#8243; text_color_type=&#8221;uncode-palette&#8221;]CONSTRUCTING THE TOMORROW[\/vc_custom_heading][vc_single_image media=&#8221;113246&#8243; media_width_use_pixel=&#8221;yes&#8221; alignment=&#8221;center&#8221; css_animation=&#8221;bottom-t-top&#8221; animation_delay=&#8221;400&#8243; uncode_shortcode_id=&#8221;195766&#8243; media_width_pixel=&#8221;62&#8243; media_link=&#8221;url:%23resgate-de-acervos&#8221;][\/vc_column][vc_column column_width_percent=&#8221;100&#8243; gutter_size=&#8221;3&#8243; overlay_alpha=&#8221;50&#8243; shift_x=&#8221;0&#8243; shift_y=&#8221;0&#8243; shift_y_down=&#8221;0&#8243; z_index=&#8221;0&#8243; medium_visibility=&#8221;yes&#8221; medium_width=&#8221;0&#8243; mobile_visibility=&#8221;yes&#8221; mobile_width=&#8221;0&#8243; width=&#8221;3\/12&#8243; uncode_shortcode_id=&#8221;913975&#8243;][\/vc_column][\/vc_row][vc_row row_height_percent=&#8221;100&#8243; back_image=&#8221;113391&#8243; back_position=&#8221;center top&#8221; overlay_alpha=&#8221;50&#8243; gutter_size=&#8221;3&#8243; column_width_percent=&#8221;100&#8243; shift_y=&#8221;0&#8243; z_index=&#8221;0&#8243; uncode_shortcode_id=&#8221;193288&#8243; row_name=&#8221;Resgate de acervos&#8221;][vc_column width=&#8221;1\/3&#8243;][\/vc_column][vc_column column_width_percent=&#8221;100&#8243; position_vertical=&#8221;middle&#8221; gutter_size=&#8221;3&#8243; overlay_alpha=&#8221;50&#8243; shift_x=&#8221;0&#8243; shift_y=&#8221;0&#8243; shift_y_down=&#8221;0&#8243; z_index=&#8221;0&#8243; medium_width=&#8221;0&#8243; mobile_width=&#8221;0&#8243; width=&#8221;1\/3&#8243; uncode_shortcode_id=&#8221;203895&#8243;][vc_custom_heading css_animation=&#8221;bottom-t-top&#8221; animation_delay=&#8221;200&#8243; uncode_shortcode_id=&#8221;207706&#8243;]2018 &#8211; 2019[\/vc_custom_heading][vc_custom_heading css_animation=&#8221;bottom-t-top&#8221; animation_delay=&#8221;400&#8243; uncode_shortcode_id=&#8221;120426&#8243;]Collections Rescue[\/vc_custom_heading][vc_column_text css_animation=&#8221;bottom-t-top&#8221; animation_delay=&#8221;600&#8243; uncode_shortcode_id=&#8221;167343&#8243;]Not everything was lost! Right after the fire, the Museu Nacional\/UFRJ\u2019s Scientific Collections Rescue Nucleum was created, and thanks to an intense hard of a multidisciplinary team, thousands of objects of great historical and scientific importance began to be rescued.<\/p>\n<p>Watch the documentary Resgates, produced by the UFRJ Communication Coordination.[\/vc_column_text][vc_single_image media=&#8221;113246&#8243; media_width_use_pixel=&#8221;yes&#8221; css_animation=&#8221;bottom-t-top&#8221; animation_delay=&#8221;800&#8243; uncode_shortcode_id=&#8221;187868&#8243; media_width_pixel=&#8221;62&#8243; media_link=&#8221;url:%23resgates&#8221;][\/vc_column][vc_column column_width_percent=&#8221;100&#8243; position_vertical=&#8221;middle&#8221; gutter_size=&#8221;3&#8243; overlay_alpha=&#8221;50&#8243; shift_x=&#8221;0&#8243; shift_y=&#8221;0&#8243; shift_y_down=&#8221;0&#8243; z_index=&#8221;0&#8243; medium_width=&#8221;0&#8243; mobile_width=&#8221;0&#8243; width=&#8221;1\/3&#8243; uncode_shortcode_id=&#8221;159683&#8243;][\/vc_column][\/vc_row][vc_row row_height_percent=&#8221;100&#8243; back_color=&#8221;color-111399&#8243; back_image=&#8221;113373&#8243; overlay_alpha=&#8221;50&#8243; gutter_size=&#8221;3&#8243; column_width_percent=&#8221;100&#8243; shift_y=&#8221;0&#8243; z_index=&#8221;0&#8243; row_custom_slug_check=&#8221;yes&#8221; uncode_shortcode_id=&#8221;168067&#8243; row_name=&#8221;Resgates&#8221; el_class=&#8221;carousel-section&#8221; back_color_type=&#8221;uncode-palette&#8221;][vc_column column_width_percent=&#8221;100&#8243; position_vertical=&#8221;middle&#8221; align_horizontal=&#8221;align_center&#8221; gutter_size=&#8221;3&#8243; style=&#8221;dark&#8221; overlay_alpha=&#8221;50&#8243; shift_x=&#8221;0&#8243; shift_y=&#8221;0&#8243; shift_y_down=&#8221;0&#8243; z_index=&#8221;0&#8243; medium_width=&#8221;0&#8243; mobile_width=&#8221;0&#8243; width=&#8221;1\/1&#8243; uncode_shortcode_id=&#8221;713532&#8243;][vc_single_image media=&#8221;113344&#8243; media_lightbox=&#8221;yes&#8221; media_poster=&#8221;yes&#8221; media_width_percent=&#8221;100&#8243; advanced=&#8221;yes&#8221; media_items=&#8221;media|poster,icon|xl&#8221; media_overlay_color=&#8221;color-jevc&#8221; media_overlay_opacity=&#8221;25&#8243; media_overlay_visible=&#8221;yes&#8221; media_overlay_anim=&#8221;no&#8221; media_text_visible=&#8221;yes&#8221; media_text_anim=&#8221;no&#8221; media_h_align=&#8221;center&#8221; media_padding=&#8221;2&#8243; media_icon=&#8221;fa fa-play&#8221; css_animation=&#8221;bottom-t-top&#8221; animation_delay=&#8221;200&#8243; custom_cursor=&#8221;dark&#8221; lb_video_advanced=&#8221;yes&#8221; lb_autoplay=&#8221;yes&#8221; uncode_shortcode_id=&#8221;134061&#8243; media_overlay_color_type=&#8221;uncode-palette&#8221;][\/vc_column][\/vc_row][vc_row row_height_percent=&#8221;100&#8243; back_image=&#8221;113350&#8243; back_attachment=&#8221;fixed&#8221; overlay_color=&#8221;color-111399&#8243; overlay_alpha=&#8221;86&#8243; gutter_size=&#8221;3&#8243; column_width_percent=&#8221;100&#8243; shift_y=&#8221;0&#8243; z_index=&#8221;0&#8243; row_custom_slug_check=&#8221;yes&#8221; uncode_shortcode_id=&#8221;856067&#8243; overlay_color_type=&#8221;uncode-palette&#8221; row_name=&#8221;Obras emergenciais&#8221;][vc_column column_width_percent=&#8221;100&#8243; position_vertical=&#8221;middle&#8221; align_horizontal=&#8221;align_center&#8221; gutter_size=&#8221;2&#8243; style=&#8221;dark&#8221; overlay_alpha=&#8221;50&#8243; shift_x=&#8221;0&#8243; shift_y=&#8221;0&#8243; shift_y_down=&#8221;0&#8243; z_index=&#8221;0&#8243; medium_width=&#8221;0&#8243; mobile_width=&#8221;0&#8243; width=&#8221;1\/1&#8243; uncode_shortcode_id=&#8221;960859&#8243;][vc_custom_heading css_animation=&#8221;bottom-t-top&#8221; animation_delay=&#8221;200&#8243; uncode_shortcode_id=&#8221;424511&#8243;]Emergency Works[\/vc_custom_heading][vc_row_inner limit_content=&#8221;&#8221;][vc_column_inner width=&#8221;1\/3&#8243;][vc_single_image media=&#8221;113352&#8243; media_lightbox=&#8221;yes&#8221; media_width_percent=&#8221;100&#8243; media_ratio=&#8221;one-one&#8221; advanced=&#8221;yes&#8221; media_overlay_opacity=&#8221;1&#8243; media_image_magnetic=&#8221;yes&#8221; media_padding=&#8221;2&#8243; css_animation=&#8221;bottom-t-top&#8221; animation_delay=&#8221;400&#8243; lbox_caption=&#8221;yes&#8221; custom_cursor=&#8221;dark&#8221; uncode_shortcode_id=&#8221;148565&#8243;][\/vc_column_inner][vc_column_inner column_width_percent=&#8221;100&#8243; gutter_size=&#8221;2&#8243; overlay_alpha=&#8221;50&#8243; shift_x=&#8221;0&#8243; shift_y=&#8221;0&#8243; shift_y_down=&#8221;0&#8243; z_index=&#8221;0&#8243; medium_width=&#8221;0&#8243; mobile_width=&#8221;0&#8243; width=&#8221;1\/3&#8243; uncode_shortcode_id=&#8221;240654&#8243;][vc_single_image media=&#8221;113353&#8243; media_lightbox=&#8221;yes&#8221; media_width_percent=&#8221;100&#8243; media_ratio=&#8221;one-one&#8221; advanced=&#8221;yes&#8221; media_overlay_opacity=&#8221;1&#8243; media_image_magnetic=&#8221;yes&#8221; media_padding=&#8221;2&#8243; css_animation=&#8221;bottom-t-top&#8221; animation_delay=&#8221;600&#8243; lbox_caption=&#8221;yes&#8221; custom_cursor=&#8221;dark&#8221; uncode_shortcode_id=&#8221;130946&#8243;][vc_column_text css_animation=&#8221;bottom-t-top&#8221; animation_delay=&#8221;1000&#8243; uncode_shortcode_id=&#8221;144233&#8243;]Because of the support from UNESCO and the Education Ministry, the work to remove the debris, shore up the building, and install the temporary roof begin. Containers to support the collection rescue is installed.[\/vc_column_text][\/vc_column_inner][vc_column_inner width=&#8221;1\/3&#8243;][vc_single_image media=&#8221;113351&#8243; media_lightbox=&#8221;yes&#8221; media_width_percent=&#8221;100&#8243; media_ratio=&#8221;one-one&#8221; advanced=&#8221;yes&#8221; media_overlay_opacity=&#8221;1&#8243; media_image_magnetic=&#8221;yes&#8221; media_padding=&#8221;2&#8243; css_animation=&#8221;bottom-t-top&#8221; animation_delay=&#8221;800&#8243; lbox_caption=&#8221;yes&#8221; custom_cursor=&#8221;dark&#8221; uncode_shortcode_id=&#8221;127594&#8243;][\/vc_column_inner][\/vc_row_inner][\/vc_column][\/vc_row][vc_row unlock_row_content=&#8221;yes&#8221; row_height_percent=&#8221;100&#8243; override_padding=&#8221;yes&#8221; h_padding=&#8221;4&#8243; top_padding=&#8221;2&#8243; bottom_padding=&#8221;2&#8243; back_color=&#8221;color-111399&#8243; back_image=&#8221;113698&#8243; overlay_alpha=&#8221;86&#8243; gutter_size=&#8221;4&#8243; column_width_percent=&#8221;100&#8243; shift_y=&#8221;0&#8243; z_index=&#8221;0&#8243; row_custom_slug_check=&#8221;yes&#8221; uncode_shortcode_id=&#8221;100029&#8243; row_name=&#8221;Exposi\u00e7\u00f5es e atividades educativas&#8221; back_color_type=&#8221;uncode-palette&#8221; row_custom_slug=&#8221;Exposicoes e atividades educativas&#8221;][vc_column column_width_percent=&#8221;100&#8243; position_vertical=&#8221;middle&#8221; align_horizontal=&#8221;align_center&#8221; gutter_size=&#8221;2&#8243; style=&#8221;dark&#8221; overlay_alpha=&#8221;50&#8243; shift_x=&#8221;0&#8243; shift_y=&#8221;0&#8243; shift_y_down=&#8221;0&#8243; z_index=&#8221;0&#8243; medium_width=&#8221;0&#8243; mobile_width=&#8221;0&#8243; width=&#8221;1\/1&#8243; uncode_shortcode_id=&#8221;342067&#8243;][vc_custom_heading css_animation=&#8221;bottom-t-top&#8221; animation_delay=&#8221;100&#8243; uncode_shortcode_id=&#8221;105849&#8243;]Exhibitions[\/vc_custom_heading][vc_row_inner][vc_column_inner column_width_percent=&#8221;100&#8243; gutter_size=&#8221;2&#8243; overlay_alpha=&#8221;50&#8243; shift_x=&#8221;0&#8243; shift_y=&#8221;0&#8243; shift_y_down=&#8221;0&#8243; z_index=&#8221;0&#8243; medium_width=&#8221;0&#8243; mobile_width=&#8221;0&#8243; width=&#8221;1\/4&#8243; uncode_shortcode_id=&#8221;100588&#8243;][vc_single_image media=&#8221;113363&#8243; media_lightbox=&#8221;yes&#8221; media_width_percent=&#8221;100&#8243; media_ratio=&#8221;one-one&#8221; advanced=&#8221;yes&#8221; media_overlay_opacity=&#8221;1&#8243; media_image_magnetic=&#8221;yes&#8221; media_padding=&#8221;2&#8243; css_animation=&#8221;bottom-t-top&#8221; animation_delay=&#8221;200&#8243; lbox_caption=&#8221;yes&#8221; custom_cursor=&#8221;dark&#8221; uncode_shortcode_id=&#8221;183121&#8243;][vc_column_text css_animation=&#8221;bottom-t-top&#8221; animation_delay=&#8221;300&#8243; uncode_shortcode_id=&#8221;121649&#8243;]In January 2019, the first Museu Nacional\/UFRJ exhibition after the fire was inaugurated. \u201cQuando Nem Tudo era Gelo \u2013 Novas Descobertas no Continente Ant\u00e1rtico\u201d, was held at the Centro Cultural Museu Casa da Moeda do Brasil.[\/vc_column_text][\/vc_column_inner][vc_column_inner column_width_percent=&#8221;100&#8243; gutter_size=&#8221;2&#8243; overlay_alpha=&#8221;50&#8243; shift_x=&#8221;0&#8243; shift_y=&#8221;0&#8243; shift_y_down=&#8221;0&#8243; z_index=&#8221;0&#8243; medium_width=&#8221;0&#8243; mobile_width=&#8221;0&#8243; width=&#8221;1\/4&#8243; uncode_shortcode_id=&#8221;466428&#8243;][vc_single_image media=&#8221;114254&#8243; media_lightbox=&#8221;yes&#8221; media_width_percent=&#8221;100&#8243; advanced=&#8221;yes&#8221; media_overlay_opacity=&#8221;1&#8243; media_image_magnetic=&#8221;yes&#8221; media_padding=&#8221;2&#8243; css_animation=&#8221;bottom-t-top&#8221; animation_delay=&#8221;400&#8243; lbox_caption=&#8221;yes&#8221; custom_cursor=&#8221;dark&#8221; uncode_shortcode_id=&#8221;181241&#8243;][vc_column_text css_animation=&#8221;bottom-t-top&#8221; animation_delay=&#8221;500&#8243; uncode_shortcode_id=&#8221;543224&#8243;]On February 27, the exhibition \u201cNational Museum lives \u2013 Archeology of rescue\u201d was launched, presenting for the first time to the public some pieces recovered from the fire. The exhibition occupied the Banco do Brasil Cultural Center (Rio de Janeiro) until April 29 of that year.[\/vc_column_text][\/vc_column_inner][vc_column_inner column_width_percent=&#8221;100&#8243; gutter_size=&#8221;2&#8243; overlay_alpha=&#8221;50&#8243; shift_x=&#8221;0&#8243; shift_y=&#8221;0&#8243; shift_y_down=&#8221;0&#8243; z_index=&#8221;0&#8243; medium_width=&#8221;0&#8243; mobile_width=&#8221;0&#8243; width=&#8221;1\/4&#8243; uncode_shortcode_id=&#8221;911895&#8243;][vc_single_image media=&#8221;114259&#8243; media_lightbox=&#8221;yes&#8221; media_width_percent=&#8221;100&#8243; advanced=&#8221;yes&#8221; media_overlay_opacity=&#8221;1&#8243; media_image_magnetic=&#8221;yes&#8221; media_padding=&#8221;2&#8243; css_animation=&#8221;bottom-t-top&#8221; animation_delay=&#8221;600&#8243; lbox_caption=&#8221;yes&#8221; custom_cursor=&#8221;dark&#8221; uncode_shortcode_id=&#8221;322431&#8243;][vc_column_text css_animation=&#8221;bottom-t-top&#8221; animation_delay=&#8221;700&#8243; uncode_shortcode_id=&#8221;653974&#8243;]From September 17th to October 16th, 2019, the Chamber of Deputies promoted the exhibition \u201cThe National Museum Lives! Memories and perspectives\u201d. The exhibition highlighted the history of the institution, since its creation in 1818, and the importance of the Museum for the science and the history of Brazil.[\/vc_column_text][\/vc_column_inner][vc_column_inner column_width_percent=&#8221;100&#8243; gutter_size=&#8221;2&#8243; overlay_alpha=&#8221;50&#8243; shift_x=&#8221;0&#8243; shift_y=&#8221;0&#8243; shift_y_down=&#8221;0&#8243; z_index=&#8221;0&#8243; medium_width=&#8221;0&#8243; mobile_width=&#8221;0&#8243; width=&#8221;1\/4&#8243; uncode_shortcode_id=&#8221;151247&#8243;][vc_single_image media=&#8221;113947&#8243; media_lightbox=&#8221;yes&#8221; media_width_percent=&#8221;100&#8243; advanced=&#8221;yes&#8221; media_overlay_opacity=&#8221;1&#8243; media_image_magnetic=&#8221;yes&#8221; media_padding=&#8221;2&#8243; css_animation=&#8221;bottom-t-top&#8221; animation_delay=&#8221;800&#8243; lbox_caption=&#8221;yes&#8221; custom_cursor=&#8221;dark&#8221; uncode_shortcode_id=&#8221;177188&#8243;][vc_column_text css_animation=&#8221;bottom-t-top&#8221; animation_delay=&#8221;900&#8243; uncode_shortcode_id=&#8221;873276&#8243;]The Arquivo Nacional in Rio de Janeiro hosted in October 2019, the exhibition \u201cOs Primeiros Brasileiros\u201d, including photos, songs, movies, and indigenous artifacts. Part of the objects were some of the ones from the Museu Nacional\/UFRJ\u2019s collection which were not in the fire.[\/vc_column_text][\/vc_column_inner][\/vc_row_inner][\/vc_column][\/vc_row][vc_row unlock_row_content=&#8221;yes&#8221; row_height_percent=&#8221;100&#8243; override_padding=&#8221;yes&#8221; h_padding=&#8221;4&#8243; top_padding=&#8221;2&#8243; bottom_padding=&#8221;2&#8243; back_color=&#8221;color-111399&#8243; back_image=&#8221;113698&#8243; overlay_alpha=&#8221;86&#8243; gutter_size=&#8221;4&#8243; column_width_percent=&#8221;100&#8243; shift_y=&#8221;0&#8243; z_index=&#8221;0&#8243; row_custom_slug_check=&#8221;yes&#8221; uncode_shortcode_id=&#8221;674778&#8243; row_name=&#8221;More exhibitions&#8221; back_color_type=&#8221;uncode-palette&#8221; row_custom_slug=&#8221;More exhibitions&#8221; shape_dividers=&#8221;&#8221;][vc_column column_width_percent=&#8221;100&#8243; position_vertical=&#8221;middle&#8221; align_horizontal=&#8221;align_center&#8221; gutter_size=&#8221;2&#8243; style=&#8221;dark&#8221; overlay_alpha=&#8221;50&#8243; shift_x=&#8221;0&#8243; shift_y=&#8221;0&#8243; shift_y_down=&#8221;0&#8243; z_index=&#8221;0&#8243; medium_width=&#8221;0&#8243; mobile_width=&#8221;0&#8243; width=&#8221;1\/1&#8243; uncode_shortcode_id=&#8221;342067&#8243;][vc_custom_heading css_animation=&#8221;bottom-t-top&#8221; animation_delay=&#8221;100&#8243; uncode_shortcode_id=&#8221;146042&#8243;]More exhibitions[\/vc_custom_heading][vc_row_inner][vc_column_inner column_width_percent=&#8221;100&#8243; gutter_size=&#8221;2&#8243; overlay_alpha=&#8221;50&#8243; shift_x=&#8221;0&#8243; shift_y=&#8221;0&#8243; shift_y_down=&#8221;0&#8243; z_index=&#8221;0&#8243; medium_width=&#8221;0&#8243; mobile_width=&#8221;0&#8243; width=&#8221;1\/2&#8243; uncode_shortcode_id=&#8221;100588&#8243;][vc_single_image media=&#8221;113361&#8243; media_lightbox=&#8221;yes&#8221; media_width_percent=&#8221;100&#8243; advanced=&#8221;yes&#8221; media_overlay_opacity=&#8221;1&#8243; media_image_magnetic=&#8221;yes&#8221; media_padding=&#8221;2&#8243; css_animation=&#8221;bottom-t-top&#8221; animation_delay=&#8221;400&#8243; lbox_caption=&#8221;yes&#8221; custom_cursor=&#8221;dark&#8221; uncode_shortcode_id=&#8221;208397&#8243;][vc_column_text css_animation=&#8221;bottom-t-top&#8221; animation_delay=&#8221;300&#8243; uncode_shortcode_id=&#8221;552430&#8243;]In November 2019, the Museu de Astronomia e Ci\u00eancias Afins (RJ) hosted the exhibition\u201cRessurgindo das Cinzas,\u201d with rocky and metallic meteorites from the Museu Nacional\/UFRJ\u2019s collection.[\/vc_column_text][\/vc_column_inner][vc_column_inner column_width_percent=&#8221;100&#8243; gutter_size=&#8221;2&#8243; overlay_alpha=&#8221;50&#8243; shift_x=&#8221;0&#8243; shift_y=&#8221;0&#8243; shift_y_down=&#8221;0&#8243; z_index=&#8221;0&#8243; medium_width=&#8221;0&#8243; mobile_width=&#8221;0&#8243; width=&#8221;1\/2&#8243; uncode_shortcode_id=&#8221;466428&#8243;][vc_single_image media=&#8221;113360&#8243; media_lightbox=&#8221;yes&#8221; media_width_percent=&#8221;100&#8243; advanced=&#8221;yes&#8221; media_overlay_opacity=&#8221;1&#8243; media_image_magnetic=&#8221;yes&#8221; media_padding=&#8221;2&#8243; css_animation=&#8221;bottom-t-top&#8221; animation_delay=&#8221;400&#8243; lbox_caption=&#8221;yes&#8221; custom_cursor=&#8221;dark&#8221; uncode_shortcode_id=&#8221;158117&#8243;][vc_column_text css_animation=&#8221;bottom-t-top&#8221; animation_delay=&#8221;500&#8243; uncode_shortcode_id=&#8221;115783&#8243;]In November 2019, the exhibit Santo Ant\u00f4nio de S\u00e1: Primeira Vila do Rec\u00f4ncavo da Guanabara was hosted at Caixa Cultural (RJ), exhibiting archeological objects found during the oil complex construction in the Rio de Janeiro State, in Itabora\u00ed.[\/vc_column_text][\/vc_column_inner][\/vc_row_inner][\/vc_column][\/vc_row][vc_row unlock_row_content=&#8221;yes&#8221; row_height_percent=&#8221;100&#8243; override_padding=&#8221;yes&#8221; h_padding=&#8221;5&#8243; top_padding=&#8221;2&#8243; bottom_padding=&#8221;2&#8243; back_color=&#8221;color-111399&#8243; back_image=&#8221;113699&#8243; overlay_alpha=&#8221;86&#8243; gutter_size=&#8221;4&#8243; column_width_percent=&#8221;100&#8243; shift_y=&#8221;0&#8243; z_index=&#8221;0&#8243; row_custom_slug_check=&#8221;yes&#8221; uncode_shortcode_id=&#8221;123838&#8243; row_name=&#8221;Navega\u00e7\u00e3o&#8221; back_color_type=&#8221;uncode-palette&#8221; row_custom_slug=&#8221;navegacao&#8221;][vc_column column_width_percent=&#8221;100&#8243; position_horizontal=&#8221;left&#8221; position_vertical=&#8221;middle&#8221; gutter_size=&#8221;2&#8243; style=&#8221;dark&#8221; overlay_alpha=&#8221;50&#8243; shift_x=&#8221;0&#8243; shift_y=&#8221;0&#8243; shift_y_down=&#8221;0&#8243; z_index=&#8221;0&#8243; medium_width=&#8221;0&#8243; mobile_width=&#8221;0&#8243; width=&#8221;1\/2&#8243; uncode_shortcode_id=&#8221;118234&#8243;][vc_icon position=&#8221;left&#8221; icon=&#8221;fa fa-arrow-left2&#8243; background_style=&#8221;fa-rounded&#8221; size=&#8221;fa-3x&#8221; outline=&#8221;yes&#8221; icon_automatic=&#8221;yes&#8221; shadow=&#8221;yes&#8221; css_animation=&#8221;zoom-in&#8221; animation_speed=&#8221;1000&#8243; animation_delay=&#8221;200&#8243; uncode_shortcode_id=&#8221;520475&#8243; title=&#8221;MORE THAN 200 YEARS OF HISTORY&#8221; link=&#8221;url:https%3A%2F%2Fmemoria.museunacionalvive.org.brmais-de-200-anos-de-trajetoria%2F|title:Mais%20de%20200%20anos%20de%20trajet%C3%B3ria&#8221;][\/vc_icon][\/vc_column][vc_column column_width_percent=&#8221;100&#8243; position_vertical=&#8221;middle&#8221; align_horizontal=&#8221;align_right&#8221; gutter_size=&#8221;3&#8243; overlay_alpha=&#8221;50&#8243; shift_x=&#8221;0&#8243; shift_y=&#8221;0&#8243; shift_y_down=&#8221;0&#8243; z_index=&#8221;0&#8243; align_medium=&#8221;align_center_tablet&#8221; medium_width=&#8221;0&#8243; align_mobile=&#8221;align_center_mobile&#8221; mobile_width=&#8221;0&#8243; width=&#8221;1\/2&#8243; uncode_shortcode_id=&#8221;173304&#8243;][vc_icon position=&#8221;right&#8221; icon=&#8221;fa fa-arrow-right2&#8243; background_style=&#8221;fa-rounded&#8221; size=&#8221;fa-3x&#8221; outline=&#8221;yes&#8221; icon_automatic=&#8221;yes&#8221; shadow=&#8221;yes&#8221; css_animation=&#8221;zoom-in&#8221; animation_speed=&#8221;1000&#8243; animation_delay=&#8221;200&#8243; uncode_shortcode_id=&#8221;226078&#8243; title=&#8221;FOLLOW FOR 2020&#8243; link=&#8221;url:https%3A%2F%2Fmemoria.museunacionalvive.org.brconstruindo-o-amanha-2%2F|title:Construindo%20o%20amanh%C3%A3%20%E2%80%93%202&#8243;][\/vc_icon][\/vc_column][\/vc_row]<\/p>\n<\/div>","protected":false},"excerpt":{"rendered":"<p>[vc_row unlock_row_content=&#8221;yes&#8221; row_height_percent=&#8221;100&#8243; back_color=&#8221;color-111399&#8243; back_image=&#8221;113695&#8243; overlay_alpha=&#8221;50&#8243; gutter_size=&#8221;3&#8243; column_width_percent=&#8221;100&#8243; shift_y=&#8221;0&#8243; z_index=&#8221;0&#8243; row_custom_slug_check=&#8221;yes&#8221; uncode_shortcode_id=&#8221;617213&#8243; row_name=&#8221;CONSTRUINDO O AMANH\u00c3&#8221; back_color_type=&#8221;uncode-palette&#8221;][vc_column column_width_percent=&#8221;100&#8243; position_vertical=&#8221;middle&#8221; align_horizontal=&#8221;align_center&#8221; gutter_size=&#8221;3&#8243; [&hellip;]<\/p>\n","protected":false},"author":1,"featured_media":0,"parent":0,"menu_order":0,"comment_status":"closed","ping_status":"closed","template":"","meta":{"footnotes":""},"class_list":["post-114032","page","type-page","status-publish","hentry"],"_links":{"self":[{"href":"https:\/\/memoria.museunacionalvive.org.br\/en\/wp-json\/wp\/v2\/pages\/114032","targetHints":{"allow":["GET"]}}],"collection":[{"href":"https:\/\/memoria.museunacionalvive.org.br\/en\/wp-json\/wp\/v2\/pages"}],"about":[{"href":"https:\/\/memoria.museunacionalvive.org.br\/en\/wp-json\/wp\/v2\/types\/page"}],"author":[{"embeddable":true,"href":"https:\/\/memoria.museunacionalvive.org.br\/en\/wp-json\/wp\/v2\/users\/1"}],"replies":[{"embeddable":true,"href":"https:\/\/memoria.museunacionalvive.org.br\/en\/wp-json\/wp\/v2\/comments?post=114032"}],"version-history":[{"count":0,"href":"https:\/\/memoria.museunacionalvive.org.br\/en\/wp-json\/wp\/v2\/pages\/114032\/revisions"}],"wp:attachment":[{"href":"https:\/\/memoria.museunacionalvive.org.br\/en\/wp-json\/wp\/v2\/media?parent=114032"}],"curies":[{"name":"wp","href":"https:\/\/api.w.org\/{rel}","templated":true}]}}